{"id":683,"date":"2017-07-16T09:48:27","date_gmt":"2017-07-16T09:48:27","guid":{"rendered":"http:\/\/danielhartlaub.com\/?page_id=683"},"modified":"2026-04-29T13:46:12","modified_gmt":"2026-04-29T13:46:12","slug":"press","status":"publish","type":"page","link":"http:\/\/danielhartlaub.com\/?page_id=683","title":{"rendered":"Press \/ Publications"},"content":{"rendered":"<p><span style=\"font-size: 18pt; color: #333333; font-family: verdana, geneva, sans-serif;\"><span style=\"color: #333333;\"><span style=\"font-family: verdana, geneva, sans-serif;\">_______________________________________<\/span><\/span><\/span><\/p>\n<p><span style=\"font-size: 18pt; color: #333333; font-family: verdana, geneva, sans-serif;\"><strong><span style=\"color: #333333;\">Publications<\/span><\/strong><\/span><\/p>\n<p><span style=\"font-family: verdana, geneva, sans-serif; font-size: 10pt;\"><span style=\"font-size: 12pt;\"><a href=\"https:\/\/rettungs-widerstand-frankfurt.de\/wp-content\/uploads\/2023\/06\/nie-aufgeflogen-bonavita-2023.pdf\" target=\"_blank\" rel=\"noopener noreferrer\"><span style=\"font-size: 14pt;\"><b><i>Nie Aufgeflogen- <\/i><i>Widerstand in der NS-Zeit im Polizeipr\u00e4sidium Frankfurt am Main. <\/i><\/b><\/span><\/a><br \/>\n<\/span><span style=\"font-weight: normal; font-size: 12pt;\">2. erweiterte Auflage: Petra Bonavita, 2023.<br \/>\n<\/span><\/span><span style=\"font-family: verdana, geneva, sans-serif; font-size: 10pt;\"><span style=\"font-size: 12pt;\">Several narrative drawings (<a href=\"http:\/\/danielhartlaub.com\/wp-content\/uploads\/2023\/08\/71CA6616-7E76-4EB0-AF56-D442DB5CB8B8-scaled.jpeg\" target=\"_blank\" rel=\"noopener noreferrer\">Moselstrasse<\/a> \/ <a href=\"http:\/\/danielhartlaub.com\/wp-content\/uploads\/2023\/08\/99E4F328-C790-4434-86FA-996E9D03D0C7-scaled.jpeg\" target=\"_blank\" rel=\"noopener noreferrer\">Polizeipr\u00e4sidium<\/a> \/ <a href=\"http:\/\/danielhartlaub.com\/wp-content\/uploads\/2023\/08\/54413B6F-DBE6-4193-A797-17A35DC5E72D-scaled.jpeg\" target=\"_blank\" rel=\"noopener noreferrer\">Im Polizeipr\u00e4sidium<\/a>) for the book by Petra Bonavita about the resistance in the Frankfurt police headquarters in Nazi-Germany.<br \/>\n<\/span><\/span><span style=\"font-family: verdana, geneva, sans-serif; font-size: 10pt;\">Read the book online as <a href=\"https:\/\/rettungs-widerstand-frankfurt.de\/wp-content\/uploads\/2023\/06\/nie-aufgeflogen-bonavita-2023.pdf\" target=\"_blank\" rel=\"noopener noreferrer\">PDF-Download<\/a><\/span><\/p>\n<p><span style=\"font-family: verdana, geneva, sans-serif;\"><span style=\"font-size: 10pt;\"><strong><em><span style=\"font-size: 14pt;\"><a href=\"https:\/\/www.faz.net\/aktuell\/wissen\/der-nobelpreistraeger-benjamin-list-ueber-den-zauber-der-molekuele-17662466.html\" target=\"_blank\" rel=\"noopener noreferrer\">Ein Gesp\u00fcr f\u00fcr komplizierte Molek\u00fcle<\/a>.<\/span><br \/>\n<\/em><\/strong><span style=\"font-size: 12pt;\">Artwork for Frankfurter Allgemeine Sonntagszeitung (FAS). 2021.<\/span><br \/>\n<span class=\"\" style=\"font-size: 12pt;\" title=\"Edited\">In collaboration with the the science section of German newspaper <a href=\"https:\/\/www.faz.net\/aktuell\/\" target=\"_blank\" rel=\"noopener noreferrer\">Frankfurter Allgemeine Sonntagszeitung<\/a> (<a href=\"https:\/\/www.faz.net\/aktuell\/\" target=\"_blank\" rel=\"noopener noreferrer\">FAS<\/a>) <\/span><span class=\"\" title=\"Edited\"><span style=\"font-size: 12pt;\"><a href=\"http:\/\/danielhartlaub.com\/?p=2288\" target=\"_blank\" rel=\"noopener noreferrer\">9 different drawings<\/a> and a short animated film, <em>\u201c<a href=\"https:\/\/www.youtube.com\/watch?v=4EPybC4lOMA\" target=\"_blank\" rel=\"noopener noreferrer\">Tanz der Molek\u00fcle<\/a>\u201c<\/em> (musical score: <a href=\"https:\/\/www.instagram.com\/jpeterschwalm\/\" target=\"_blank\" rel=\"noopener noreferrer\">J Peter Schwalm<\/a>) depicting selected moments of the life of 2021 Nobel Prize Winner in Chemistry Benjamin List.<\/span><br \/>\n<\/span><\/span><\/span><span style=\"font-family: verdana, geneva, sans-serif; font-size: 10pt;\">Click <a href=\"https:\/\/www.faz.net\/aktuell\/wissen\/der-nobelpreistraeger-benjamin-list-ueber-den-zauber-der-molekuele-17662466.html\" target=\"_blank\" rel=\"noopener noreferrer\">here<\/a> to read the article online.<\/span><\/p>\n<p><span style=\"font-family: verdana, geneva, sans-serif;\"><span style=\"font-size: 10pt;\"><em><span style=\"color: #333333;\"><span style=\"font-size: 14pt;\"><strong><a href=\"http:\/\/danielhartlaub.com\/wp-content\/uploads\/2017\/07\/Daniel-Hartlaub_Katalog_zeichnungen.pdf\" target=\"_blank\" rel=\"noopener noreferrer\">Daniel Hartlaub. Zeichnungen 2013-2016<\/a>.<\/strong><\/span><br \/>\n<\/span><\/em><span style=\"font-size: 12pt;\"><span style=\"color: #333333;\">Catalogue<\/span><span style=\"color: #333333;\"> (<a href=\"https:\/\/www.frankfurter-sparkasse.de\/de\/home\/ihre-sparkasse\/engagement\/lightboxes\/forum.html\" target=\"_blank\" rel=\"noopener noreferrer\">1822-Forum<\/a>)<\/span><\/span><\/span><span style=\"font-size: 12pt;\"><span style=\"color: #333333;\">Introduction by\u00a0<a href=\"https:\/\/de.wikipedia.org\/wiki\/Andreas_Platthaus\" target=\"_blank\" rel=\"noopener noreferrer\">Andreas Platthaus:<\/a><\/span><strong><a href=\"http:\/\/danielhartlaub.com\/wp-content\/uploads\/2017\/07\/Daniel-Hartlaub_Katalog_zeichnungen.pdf\" target=\"_blank\" rel=\"noopener noreferrer\"><span style=\"color: #333333;\"><br \/>\n<\/span><\/a><\/strong><em><span style=\"color: #333333;\">&#8222;(&#8230;) eine Installation (&#8230;), die mehr bietet als eine Kulisse, mehr als eine Lekt\u00fcre, mehr als ein R\u00e4tsel. Sie nimmt Elemente aus all diesen Wahrnehmungstriggern zusammen und schafft daraus eine neue Erz\u00e4hlform zwischen Comic und Kombinatorik&#8220;.<\/span><\/em><\/span><\/span><\/p>\n<p><span style=\"font-family: verdana, geneva, sans-serif; font-size: 12pt;\"><em><span style=\"color: #333333;\">&#8222;Er sucht nach neuen Wegen, Geschichten zu erz\u00e4hlen, nach Wegen, die sich nicht auf Formate, Umf\u00e4nge oder auch Funktionsweisen von B\u00fcchern festlegen lassen. Das neue Vorhaben mit dem Titel \u201eThe Girl Who Never Was\u201c beweist es ein weiteres Mal&#8220;.<br \/>\n<\/span><\/em><\/span><span style=\"font-family: verdana, geneva, sans-serif; font-size: 10pt;\"><span style=\"color: #333333;\">Read the whole introduction and catalogue as <\/span><a href=\"http:\/\/danielhartlaub.com\/wp-content\/uploads\/2017\/07\/Daniel-Hartlaub_Katalog_zeichnungen.pdf\" target=\"_blank\" rel=\"noopener noreferrer\"><span style=\"color: #333333;\">PDF-Download<\/span><\/a><\/span><\/p>\n<p>&nbsp;<\/p>\n<p><span style=\"font-family: verdana, geneva, sans-serif;\">__________________________________________________________<\/span><\/p>\n<p><span style=\"font-size: 18pt; font-family: verdana, geneva, sans-serif;\"><strong>Press<\/strong><\/span><\/p>\n<p><span style=\"font-family: verdana, geneva, sans-serif; font-size: 14pt;\"><a href=\"http:\/\/danielhartlaub.com\/?p=3276\" target=\"_blank\" rel=\"noopener noreferrer\"><em><strong>VANISHED \u2013 THE CURIOUS LIFE AND DEATH OF FELIX HARTLAUB<\/strong><\/em><\/a><\/span><\/p>\n<p><span style=\"font-family: verdana, geneva, sans-serif;\">PREVIEW<\/span><br \/>\n<span style=\"font-family: verdana, geneva, sans-serif;\"><strong><em><a href=\"http:\/\/danielhartlaub.com\/wp-content\/uploads\/2026\/04\/Eine_Ausstellung_die_immer_geo\u0308ffnet_hat._Vanished._The_Curious_Life_and_Death_of_Felix_Hartlaub_Frankfurter_KunstSa\u0308ule_Presse_small-scaled.jpg\" target=\"_blank\" rel=\"noopener noreferrer\">Eine Ausstellung, die immer geo\u0308ffnet hat<\/a><br \/>\n<\/em><a href=\"http:\/\/www.fr.de\/\" target=\"_blank\" rel=\"noopener noreferrer\">Andreas Hartmann, Frankfurter Rundschau<\/a>, 2.9. 2025<em><br \/>\n<\/em><\/strong><em>Seit 2017 steht in Frankfurt-Sachsenhausen auf dem Alten Friedhof an der Gutzkowstra\u00dfe die Kunsts\u00e4ule, die kleine Ausstellungen am Wegesrand zeigt, ohne Eintritt, 24 Stunden am Tag zug\u00e4nglich. Von Freitag, 5. September, 19 Uhr an sind dort nun bis zum 16. April neue Zeichnungen des Frankfurter K\u00fcnstlers Daniel Hartlaub zu sehen. Er arbeitet zusammen mit dem englischen Musiker Keith Rodway an einem Film \u00fcber seinen 1945 in Berlin verschollenen Onkel Felix, Sohn des ber\u00fchmten Museumsdirektors Gustav Friedrich Hartlaub. Zur Vernissage kommt die Band Necessary Animals aus Hastings, die mit The Felix Song und anderen St\u00fccken den musikalischen Teil zum Film beisteuern wird.<\/em><strong><em><br \/>\n<\/em><\/strong><br \/>\n<\/span><\/p>\n<p><span style=\"font-family: verdana, geneva, sans-serif;\">REVIEW<\/span><br \/>\n<span style=\"font-family: verdana, geneva, sans-serif;\"><a href=\"http:\/\/danielhartlaub.com\/wp-content\/uploads\/2026\/04\/Familiengeschichte-auf-der-KunstSa\u0308ule.-Vanished._The_Curious_Life_and_Death_of_Felix_Hartlaub_Frankfurter_KunstSa\u0308ule_Presse_FNP_5.11.25_small.pdf\" target=\"_blank\" rel=\"noopener noreferrer\"><em><strong>Familiengeschichte auf der KunstS\u00e4ule<\/strong><\/em><\/a><br \/>\nAlexandra Flieth, <a href=\"http:\/\/www.fnp.de\/\" target=\"_blank\" rel=\"noopener noreferrer\">Frankfurter Neue Presse<\/a>, 5.11.25<span class=\"\"><br \/>\n<\/span><em><span class=\"\">Das auf dem ehemaligen Werbetr\u00e4ger aufgebrachte Werk stammt von dessen Neffen, dem Frankfurter K\u00fcnstler und Filmemacher Daniel Hartlaub. Es basiert auf Zeichnungen, die Daniel Hartlaub angefertigt und zu einer Art Storyboard angeordnet hat, einer visuellen Erz\u00e4hlung, die er als Grundlage f\u00fcr einen von ihm geplanten Spielfilm \u00fcber seinen Onkel Felix Hartlaub versteht, der kurz vor dem Ende des Zweiten Weltkriegs Anfang Mai 1945 verschollen ist und dessen Leben aus heutiger Sicht spannend und tragisch zugleich erscheint.<\/span><\/em><\/span><\/p>\n<p><span style=\"font-family: verdana, geneva, sans-serif;\"><span class=\"\"><em>Vieles, was das Leben meines Onkels betrifft, kann man nur annehmen, weil es keine Belege daf\u00fcr gibt und bis heute nicht klar ist, was so kurz vor Kriegsende mit ihm passierte&#8220;, sagt Daniel Hartlaub. Die Idee, einen Film \u00fcber sein Leben zu drehen, sei nicht neu, nur sei bisher noch keiner realisiert worden. Das m\u00f6chte er nun \u00e4ndern.<\/em><br \/>\n<\/span><br \/>\n<\/span><\/p>\n<p>&nbsp;<\/p>\n<p><span style=\"font-family: verdana, geneva, sans-serif;\">__________________________________________________________<\/span><\/p>\n<p><span style=\"font-family: verdana, geneva, sans-serif;\"><a href=\"http:\/\/danielhartlaub.com\/?p=2987\" target=\"_blank\" rel=\"noopener noreferrer\"><strong><span style=\"font-size: 14pt;\">MOI, JEAN GABIN<\/span><\/strong><\/a><\/span><\/p>\n<p><span style=\"font-family: verdana, geneva, sans-serif;\">PREVIEW<span style=\"font-size: 12pt;\"><br \/>\n<a href=\"http:\/\/danielhartlaub.com\/wp-content\/uploads\/2025\/04\/IMG_1791-scaled.jpeg\" target=\"_blank\" rel=\"noopener noreferrer\"><em><strong>MOI, JEAN GABIN<\/strong><\/em><\/a><br \/>\n<\/span>Pietro Finelli, Artribune, March 2025<\/span><\/p>\n<p>&nbsp;<\/p>\n<p>__________________________________________________________<\/p>\n<p><span style=\"font-size: 14pt; font-family: verdana, geneva, sans-serif;\"><a href=\"http:\/\/danielhartlaub.com\/?p=2535\" target=\"_blank\" rel=\"noopener noreferrer\"><strong>DIE LETZTEN NACHRICHTEN- ein Untergangsszenario \/ THE LAST NEWS- A Doomsday Scenario<\/strong><\/a><\/span><\/p>\n<p><span style=\"font-family: verdana, geneva, sans-serif;\">PREVIEW<\/span><br \/>\n<span style=\"font-family: verdana, geneva, sans-serif;\"><em><strong><a href=\"http:\/\/danielhartlaub.com\/wp-content\/uploads\/2023\/09\/Hartlaub_Nizza_FNP-120823.jpg\" target=\"_blank\" rel=\"noopener noreferrer\">Im Zweiten Stock dem Weltuntergang ganz nahe<\/a>.<br \/>\n<\/strong><\/em><strong>Sabine Schramek, <\/strong><strong><a href=\"http:\/\/www.fnp.de\/\" target=\"_blank\" rel=\"noopener noreferrer\">Frankfurter Neue Presse<\/a><\/strong><strong>, 12.08. 2023<\/strong><em><strong><br \/>\n<\/strong>Endzeit-Theater und Installation im Hotel Nizza- Was tun, wenn die Atom-Bombe f\u00e4llt?<\/em><\/span><\/p>\n<p>&nbsp;<\/p>\n<p>__________________________________________________________<\/p>\n<p><strong><span style=\"font-size: 14pt; font-family: verdana, geneva, sans-serif;\"><a href=\"http:\/\/danielhartlaub.com\/?p=2852\" target=\"_blank\" rel=\"noopener noreferrer\">DIE POST-APOKALYPTISCHE ROMANTIK (OR HOW I LEARNED TO LIVE IN THESE WEIRD TIMES)<\/a><\/span><\/strong><\/p>\n<p><span style=\"font-family: verdana, geneva, sans-serif;\">REVIEWS<\/span><br \/>\n<span style=\"font-family: verdana, geneva, sans-serif;\"><em><strong><a href=\"http:\/\/danielhartlaub.com\/wp-content\/uploads\/2023\/09\/Hastings-Online-Times-\u2013-Daniel-Hartlaub-at-the-Electro-Studios.pdf\" target=\"_blank\" rel=\"noopener noreferrer\">Learning to live in these weird times<\/a>&#8211; Daniel Hartlaub at the Electro Studios.<\/strong><br \/>\n<\/em>Stewart Rayment, <a href=\"https:\/\/hastingsonlinetimes.co.uk\/arts-culture\/arts-news\/daniel-hartlaub-at-the-electro-studios\" target=\"_blank\" rel=\"noopener noreferrer\">Hastings Online Times<\/a>, 1. 6. 2023<\/span><\/p>\n<p><span style=\"font-family: verdana, geneva, sans-serif;\"><em><a href=\"http:\/\/danielhartlaub.com\/wp-content\/uploads\/2023\/09\/Deira-Diary-Post-Apocalyptic-art-rock-in-Bulverhythe.pdf\" target=\"_blank\" rel=\"noopener noreferrer\"><strong>Post-Apocalyptic art rock in Bulverhythe<\/strong><\/a><br \/>\n<\/em><a href=\"http:\/\/deiradiary.blogspot.com\/\" target=\"_blank\" rel=\"noopener noreferrer\">DEIRA DIARY<\/a>, 29. 5. 2023<\/span><\/p>\n<p><span style=\"font-family: verdana, geneva, sans-serif;\">PREVIEW<\/span><br \/>\n<span style=\"font-family: verdana, geneva, sans-serif;\"><em><a href=\"http:\/\/danielhartlaub.com\/wp-content\/uploads\/2023\/09\/HIP-19.5.2023-scaled-e1694265687258.jpg\" target=\"_blank\" rel=\"noopener noreferrer\"><strong>The Post Apocalyptice Romance comes to Electro Studios Project Space.<\/strong><\/a><br \/>\n<\/em>Keith Rodway, <a href=\"https:\/\/www.hastingsindependentpress.co.uk\/articles\/community\/the-post-apocalyptic-romance-comes-to-electro-studios-project-space\/\" target=\"_blank\" rel=\"noopener noreferrer\">Hastings Independent<\/a>, 18. 5. 2023<\/span><\/p>\n<p>&nbsp;<\/p>\n<p>__________________________________________________________<\/p>\n<p><strong><span style=\"font-family: verdana, geneva, sans-serif;\"><a href=\"https:\/\/youtu.be\/MTZSdZDz2_c\" target=\"_blank\" rel=\"noopener noreferrer\"><span style=\"font-size: 14pt;\">ROSALIE<\/span><\/a><\/span><\/strong><\/p>\n<p><span style=\"font-family: verdana, geneva, sans-serif;\"><span style=\"font-size: 14pt;\"><span style=\"font-size: 12pt;\">TV FEATURE<br \/>\n<\/span><\/span><a href=\"https:\/\/youtu.be\/MTZSdZDz2_c\" target=\"_blank\" rel=\"noopener noreferrer\"><em><strong>Videospiel \u00fcber Rosemarie Nitribitt<\/strong><\/em><\/a><br \/>\nPeter Alexander Rothkranz, Maintower, <a href=\"https:\/\/www.hr-fernsehen.de\/index.html\" target=\"_blank\" rel=\"noopener noreferrer\">Hessischer Rundfunk (HR)<\/a>, 05.07.2021<\/span><br \/>\n<span style=\"font-family: verdana, geneva, sans-serif;\"><em><span class=\"style-scope yt-formatted-string\" dir=\"auto\">Videospiele gibt es viele auf dem Markt. Doch der Frankfurter K\u00fcnstler Daniel Hartlaub mixt Kunst, die wahre Geschichte der Edelprostituierten Rosemarie Nitribitt und den Schmelztiegel Bahnhofsviertel zu einem Spiel der besonderen Art zusammen.<br \/>\n<\/span><\/em><a href=\"https:\/\/youtu.be\/MTZSdZDz2_c\" target=\"_blank\" rel=\"noopener noreferrer\">Watch feature<\/a><\/span><\/p>\n<p><span style=\"font-family: verdana, geneva, sans-serif;\"><span style=\"font-size: 12pt;\"><span style=\"color: #333333;\">INTERVIEW<\/span><\/span><\/span><br \/>\n<span style=\"font-size: 12pt; font-family: verdana, geneva, sans-serif;\"><strong><a href=\"http:\/\/danielhartlaub.com\/wp-content\/uploads\/2022\/08\/FR-Frankfurter-Tatorte_2.pdf\" target=\"_blank\" rel=\"noopener noreferrer\"><em>Eine au\u00dfergew\u00f6hnliche Erscheinung<\/em><\/a><br \/>\n<a href=\"https:\/\/geschichte.fr-abo.de\/\" target=\"_blank\" rel=\"noopener noreferrer\">Andreas Hartmann, Frankfurter Rundschau Geschichte MAGAZIN<\/a>, 01\/2022<br \/>\n<\/strong><em>Daniel Hartlaub entwickelt mit der Firma Konspiracy ein Videospiel, das von Rosemarie Nitribitt inspiriert ist.<\/em><\/span><\/p>\n<p><span style=\"font-family: verdana, geneva, sans-serif;\">PREVIEWS<\/span><br \/>\n<span style=\"font-family: verdana, geneva, sans-serif;\"><strong><a href=\"http:\/\/danielhartlaub.com\/wp-content\/uploads\/2021\/05\/IMG_2295-scaled.jpg\" target=\"_blank\" rel=\"noopener noreferrer\"><em>Die Nitribitt als d\u00fcstere Heldin<\/em><\/a><br \/>\n<a href=\"http:\/\/www.fr.de\/\" target=\"_blank\" rel=\"noopener noreferrer\">Andreas Hartmann, Frankfurter Rundschau<\/a>, 09.04. 2021<br \/>\n<\/strong><em>&#8222;Ein Science-Fiction-Videospiel des K\u00fcnstlers Daniel Hartlaub schickt die ber\u00fchmte Frankfurterin an einen finsteren Ort, das Bahnhofsviertel. Bei dieser Wiederauferstehung hilft ihm ein gro\u00dfes Team&#8220;.<\/em><strong><br \/>\n<\/strong><strong><a href=\"https:\/\/www.fr.de\/frankfurt\/computerspiel-rosalie-nitribitt-als-duestere-heldin-90357664.html\" target=\"_blank\" rel=\"noopener noreferrer\">Read the whole online-version<\/a><\/strong><\/span><\/p>\n<p><span style=\"font-family: verdana, geneva, sans-serif;\"><strong><a href=\"http:\/\/danielhartlaub.com\/wp-content\/uploads\/2021\/05\/55853776_2108188829280210_4245188667989032960_n-1.jpg\" target=\"_blank\" rel=\"noopener noreferrer\"><em>Von Gott, der Welt und Trump verlassen<\/em><\/a><br \/>\n<\/strong><a href=\"http:\/\/www.faz.net\/redaktion\/christoph-schuette-11104297.html\" target=\"_blank\" rel=\"noopener noreferrer\">Christoph Sch\u00fctte<\/a>,\u00a0<a href=\"http:\/\/www.faz.net\/aktuell\/\" target=\"_blank\" rel=\"noopener noreferrer\">Frankfurter Allgemeine Zeitung (FAZ)<\/a>,\u00a0 M\u00e4rz. 2019<\/span><\/p>\n<p><span style=\"font-family: verdana, geneva, sans-serif;\"><strong><span style=\"font-size: medium;\"><a href=\"http:\/\/danielhartlaub.com\/wp-content\/uploads\/2018\/10\/Comic-D\u00fcstere-Bilder-vom-Bahnhofsviertel-FR.de_.pdf\" target=\"_blank\" rel=\"noopener noreferrer\"><em>D\u00fcstere Bilder vom Bahnhofsviertel<\/em><\/a><br \/>\n<\/span><\/strong><span style=\"color: #333333;\"><span style=\"font-size: medium;\">Manuel Schubert,\u00a0<a href=\"http:\/\/www.fr.de\/\" target=\"_blank\" rel=\"noopener noreferrer\">Frankfurter Rundschau<\/a><\/span><\/span><span style=\"color: #333333;\"><span style=\"font-size: medium;\">, 17.08. 2018<\/span><\/span><strong><span style=\"color: #333333;\"><span style=\"font-size: medium;\"><br \/>\n<\/span><\/span><\/strong><em><span style=\"color: #333333;\"><span style=\"font-size: medium;\">&#8222;Ein Comic \u00fcber das Bahnhofsviertel entsteht. Es sind d\u00fcstere Szenen, die die beiden Autoren Daniel Hartlaub (Zeichnungen) und\u00a0Michael G\u00f6tz (Texte) zu Papier bringen&#8220;.<\/span><\/span><\/em><\/span><\/p>\n<p><span style=\"font-family: verdana, geneva, sans-serif;\"><strong><span style=\"color: #333333;\"><span style=\"font-size: medium;\"><a href=\"http:\/\/danielhartlaub.com\/wp-content\/uploads\/2018\/10\/rosalie_yokyok_presse_Journal-Frankfurt-Nachrichten-ROSALIE-Ein-Comic-\u00fcber-Frankfurts-polarisierendste-Ecke-Eine-schw.pdf\" target=\"_blank\" rel=\"noopener noreferrer\"><em>Ein Comic \u00fcber Frankfurts polarisierendste\u00a0Ecke<\/em><\/a><br \/>\n<\/span><\/span><\/strong><span style=\"color: #333333;\"><span style=\"font-size: medium;\">Ilona Youssef,<\/span><\/span><strong><span style=\"color: #333333;\"><span style=\"font-size: medium;\"><a href=\"https:\/\/www.journal-frankfurt.de\/\" target=\"_blank\" rel=\"noopener noreferrer\">Journal Frankfurt<\/a><\/span><\/span><\/strong><span style=\"color: #333333;\"><span style=\"font-size: medium;\">, August 2018<\/span><\/span><strong><span style=\"color: #333333;\"><span style=\"font-size: medium;\"><br \/>\n<\/span><\/span><\/strong><em><span style=\"color: #333333;\"><span style=\"font-size: medium;\">&#8222;Das ber\u00fcchtigte Bahnhofsviertel inspiriert Michael G\u00f6tz\u00a0und Daniel Hartlaub zu einem Comic Noir. 2019 soll\u00a0&#8222;ROSALIE&#8220; fertig sein, erste Einblicke in das Projekt\u00a0erh\u00e4lt man schon jetzt im Yok Yok-Kiosk an der\u00a0M\u00fcnchener Stra\u00dfe&#8220;.<\/span><\/span><\/em><\/span><\/p>\n<p><span style=\"font-family: verdana, geneva, sans-serif;\"><a href=\"http:\/\/danielhartlaub.com\/wp-content\/uploads\/2018\/10\/rosalie_yokyok_presse_Journal-Frankfurt-Nachrichten-Rosalie-\u2013-ein-Comic-Noir-mitten-in-Frankfurt-Premiere-w\u00e4hrend-der-.pdf\" target=\"_blank\" rel=\"noopener noreferrer\"><em><strong><span style=\"color: #333333;\"><span style=\"font-size: medium;\">Rosalie \u2013 ein Comic Noir mitten in Frankfurt<\/span><\/span><\/strong><\/em><\/a><br \/>\n<\/span><span style=\"font-family: verdana, geneva, sans-serif;\"><span style=\"color: #333333;\"><span style=\"font-size: medium;\">Helen Schindler,<\/span><\/span><strong><span style=\"color: #333333;\"><span style=\"font-size: medium;\"> <a href=\"https:\/\/www.journal-frankfurt.de\/\" target=\"_blank\" rel=\"noopener noreferrer\">Journal Frankfurt<\/a><\/span><\/span><\/strong><span style=\"color: #333333;\"><span style=\"font-size: medium;\">, August 2018<\/span><\/span><strong><span style=\"color: #333333;\"><span style=\"font-size: medium;\"><br \/>\n<\/span><\/span><\/strong><em><span style=\"color: #333333;\"><span style=\"font-size: medium;\">&#8222;Inspiration zur Geschichte ist der Frankfurter Mythos um Rosemarie Nitribritt. An ihr orientieren\u00a0sich die charakterlichen Grundz\u00fcge der Hauptprotagonistin Rosalie \u2013 eine weibliche Superheldin,\u00a0die im Frankfurter Bahnhofsviertel lebt. Nachts kann sie ihre Superkr\u00e4fte nutzen, um gegen ihren\u00a0mysteri\u00f6sen Verfolger zu k\u00e4mpfen&#8220;.<\/span><\/span><\/em><\/span><\/p>\n<p>&nbsp;<\/p>\n<p>__________________________________________________________<\/p>\n<p><span style=\"font-family: verdana, geneva, sans-serif;\">PORTRAITS<br \/>\n<\/span><span style=\"font-family: verdana, geneva, sans-serif;\"><strong><b><a href=\"http:\/\/danielhartlaub.com\/wp-content\/uploads\/2017\/07\/andreas-plattthaus.pdf\" target=\"_blank\" rel=\"noopener noreferrer\"><em>Ideen? Hier ist ein Zeichner, der welche hat<\/em><\/a><br \/>\n<\/b><\/strong><a href=\"https:\/\/de.wikipedia.org\/wiki\/Andreas_Platthaus\" target=\"_blank\" rel=\"noopener noreferrer\">Andreas Platthaus,<\/a>\u00a0<a href=\"http:\/\/blogs.faz.net\/comic\/2014\/05\/06\/ideen-hier-ist-ein-zeichner-der-welche-hat-502\/\" target=\"_blank\" rel=\"noopener noreferrer\"><span lang=\"en-US\">Frankfurter Allgemeine Zeitung (FAZ),\u00a0Blog<\/span><\/a><span lang=\"en-US\">,\u00a06. Mai 2014<br \/>\n<\/span><em>&#8222;Bis Sie den Comic \u201e2048\u201c von Daniel Hartlaub lesen k\u00f6nnen, m\u00fcssen Sie noch ein paar Monate warten. Und sich von alten Vorstellungen befreien. Aber darauf freuen kann man sich jetzt schon&#8220;.<\/em><\/span><\/p>\n<p align=\"JUSTIFY\"><span style=\"font-family: verdana, geneva, sans-serif;\"><em>(&#8230;) was auch ich im Atelier bewundert hatte: Hartlaubs wunderbare Zeichnungen, aus\u00a0denen er seine Seiten zusammensetzte. Sie \u00fcbten einen Sog aus, dem man sich nicht\u00a0entziehen konnte, das tiefe Schwarz saugt die Betrachter geradezu an<\/em><\/span><\/p>\n<p align=\"JUSTIFY\"><span style=\"font-family: verdana, geneva, sans-serif;\"><em>&#8222;Daniel Hartlaub hat Ideen: graphisch, technisch, medial und eben erz\u00e4hlerisch. Normalerweise bin ich schon froh, wenn jemand auf nur einem dieser Felder Neuland betritt&#8220;<\/em><\/span><\/p>\n<p><span style=\"font-family: verdana, geneva, sans-serif;\"><em>&#8222;(&#8230;) Was daraus im Falle von Hartlaubs \u201e2048\u201c entstanden ist, darf zu den interessantesten\u00a0deutschen Comics der letzten Jahre gez\u00e4hlt werden&#8220;.<\/em><\/span><\/p>\n<p><span style=\"font-family: verdana, geneva, sans-serif;\"><strong><br \/>\n<\/strong><span class=\"atc-HeadlineText\"><a href=\"https:\/\/www.faz.net\/aktuell\/rhein-main\/frankfurt\/kommunalwahl-in-hessen-filmemacher-will-raum-fuer-experimente-17224458.html\" target=\"_blank\" rel=\"noopener noreferrer\"><em><strong><span style=\"font-size: 12pt;\">Der Filmemacher will Raum f\u00fcr Experimente<\/span><\/strong><\/em><\/a><br \/>\n<span style=\"font-size: 12pt;\">Volker Muth, <a href=\"http:\/\/www.faz.net\/aktuell\/\" target=\"_blank\" rel=\"noopener noreferrer\">Frankfurter Allgemeine Zeitung (FAZ)<\/a>,\u00a0 06.03. 2021<\/span><\/span><\/span><\/p>\n<p><span style=\"font-family: verdana, geneva, sans-serif;\"><span class=\"atc-HeadlineText\"><span style=\"font-size: 12pt;\"><em><br \/>\n<\/em><\/span><\/span><i><\/i><a href=\"http:\/\/danielhartlaub.com\/wp-content\/uploads\/2018\/10\/Ein_leben_in_schwarz_weiss_bildern_fnp_4.10.2018.png\" target=\"_blank\" rel=\"noopener noreferrer\"><em><strong><span style=\"color: #333333;\"><span style=\"font-size: medium;\">Ein Leben in Schwarz-Wei\u00df-Bildern<\/span><\/span><\/strong><\/em><\/a><span style=\"font-size: medium;\"><br \/>\n<\/span><span style=\"color: #333333;\"><span style=\"font-size: medium;\">Sabine Schramek,<\/span><\/span><span style=\"color: #333333;\"><span style=\"font-size: medium;\"> <a href=\"http:\/\/www.fnp.de\/\" target=\"_blank\" rel=\"noopener noreferrer\">Frankfurter Neue Presse<\/a><\/span><\/span><span style=\"color: #333333;\"><span style=\"font-size: medium;\">, 4.10. 2018<\/span><\/span><strong><span style=\"color: #333333;\"><span style=\"font-size: medium;\"><br \/>\n<\/span><\/span><\/strong><em><span style=\"color: #333333;\"><span style=\"font-size: medium;\">&#8222;Daniel Hartlaub zeichnet d\u00fcstere Geschichten und arbeitet derzeit an einem Comic&#8220;.<\/span><\/span><\/em><\/span><\/p>\n<p>&nbsp;<\/p>\n<p>__________________________________________________________<\/p>\n<p><span style=\"font-family: verdana, geneva, sans-serif;\">INTERVIEW<br \/>\n<a href=\"https:\/\/internationaltimes.it\/daniel-hartlaub-is-a-visual-artist\/\" target=\"_blank\" rel=\"noopener noreferrer\"><strong><em>Daniel Hartlaub is a visual artist<\/em><\/strong><\/a><\/span><br \/>\n<span style=\"font-family: verdana, geneva, sans-serif;\"><a href=\"https:\/\/www.hastingsindependentpress.co.uk\/articles\/culture\/arts\/are-animals-necessary\/\" target=\"_blank\" rel=\"noopener noreferrer\">Keith Rodway<\/a>, <a href=\"https:\/\/internationaltimes.it\/\" target=\"_blank\" rel=\"noopener noreferrer\">International Times<\/a>, January 2019<\/span><br \/>\n<span style=\"font-family: verdana, geneva, sans-serif;\"><em>&#8222;Daniel Hartlaub is a visual artist based in Frankfurt, currently working on comic books.His style is dark and mirrors his preferred milieu, that of the street people he encounters in the low-rent quarter of the city where he lives. The ipad app he uses to create his work allows him to process each stage of a drawing or series of works, and run these as a short movie&#8220;.<\/em><\/span><\/p>\n<p>&nbsp;<\/p>\n<p>__________________________________________________________<\/p>\n<p><strong><span style=\"font-size: 14pt; font-family: verdana, geneva, sans-serif;\"><a href=\"http:\/\/danielhartlaub.com\/?p=1363\" target=\"_blank\" rel=\"noopener noreferrer\">THE DESIRE CALLED UTOPIA AND OTHER SCIENCE FICTIONS<\/a>\u00a0\/\u00a0<a href=\"http:\/\/danielhartlaub.com\/?p=347\" target=\"_blank\" rel=\"noopener noreferrer\">2048-WHEN IT ALL BEGAN<\/a><\/span><\/strong><\/p>\n<p><span style=\"font-family: verdana, geneva, sans-serif;\">REVIEW<br \/>\n<em><a href=\"http:\/\/danielhartlaub.com\/wp-content\/uploads\/2017\/07\/Screen-Shot-2018-01-02-at-13.40.59.png\" target=\"_blank\" rel=\"noopener noreferrer\"><span style=\"color: #333333;\"><span style=\"font-size: medium;\"><strong><span style=\"color: #333333;\">Auch nicht so sch\u00f6n, diese neue Welt<\/span><\/strong><\/span><\/span><\/a><span style=\"color: #333333;\"><span style=\"font-size: medium;\"><a href=\"http:\/\/danielhartlaub.com\/wp-content\/uploads\/2017\/07\/Screen-Shot-2018-01-02-at-13.40.59.png\"><br \/>\n<\/a><\/span><\/span><\/em><span style=\"color: #333333;\"><span style=\"font-size: medium;\"><a href=\"http:\/\/www.faz.net\/redaktion\/christoph-schuette-11104297.html\" target=\"_blank\" rel=\"noopener noreferrer\">Christoph Sch\u00fctte<\/a>,<\/span><\/span><span style=\"color: #333333;\"><span style=\"font-size: medium;\"><a href=\"http:\/\/www.faz.net\/aktuell\/\" target=\"_blank\" rel=\"noopener noreferrer\">Frankfurter Allgemeine Zeitung (FAZ)<\/a><\/span><\/span><span style=\"color: #333333;\"><span style=\"font-size: medium;\">, 15.11. 2017<\/span><\/span><strong><span style=\"color: #333333;\"><span style=\"font-size: medium;\"><br \/>\n<\/span><\/span><\/strong><em><span style=\"color: #333333;\"><span style=\"font-size: medium;\">&#8222;(&#8230;) Daniel Hartlaub schlie\u00dflich l\u00e4sst die Liebe sich auch in postapokalyptischen Zeiten behaupten. Das ist allemal irritierender, beunruhigender und anregender als manch aufwendig erzeugtes Bild&#8220;.<br \/>\n<\/span><\/span><\/em><\/span><\/p>\n<p>&nbsp;<\/p>\n<p>__________________________________________________________<\/p>\n<p><span style=\"font-family: verdana, geneva, sans-serif;\"><a href=\"http:\/\/danielhartlaub.com\/?p=321\" target=\"_blank\" rel=\"noopener noreferrer\"><span style=\"font-size: 14pt;\"><strong>DREI SECHS NULL\u00b0<\/strong><\/span><\/a><\/span><\/p>\n<p><span style=\"font-family: verdana, geneva, sans-serif;\">REVIEWS<\/span><br \/>\n<span style=\"font-family: verdana, geneva, sans-serif;\"><em><a href=\"http:\/\/danielhartlaub.com\/wp-content\/uploads\/2017\/08\/FullSizeRender-4.jpg\" target=\"_blank\" rel=\"noopener noreferrer\"><span style=\"color: #333333;\"><span style=\"font-size: medium;\"><strong>Litfa\u00dfs\u00e4ule wird zum Kunstwerk<\/strong><\/span><\/span><\/a><span style=\"color: #333333;\"><span style=\"font-size: medium;\"><a href=\"http:\/\/danielhartlaub.com\/wp-content\/uploads\/2017\/07\/Screen-Shot-2018-01-02-at-13.40.59.png\" target=\"_blank\" rel=\"noopener noreferrer\"><br \/>\n<\/a><\/span><\/span><\/em><a href=\"http:\/\/www.fnp.de\/\" target=\"_blank\" rel=\"noopener noreferrer\"><span style=\"color: #333333;\"><span style=\"font-size: medium;\">Frankfurter Neue Presse<\/span><\/span><\/a><span style=\"color: #333333;\"><span style=\"font-size: medium;\">, 19.5. 2017\u00a0<\/span><\/span><strong><a href=\"http:\/\/danielhartlaub.com\/wp-content\/uploads\/2017\/07\/Screen-Shot-2018-01-02-at-13.40.59.png\" target=\"_blank\" rel=\"noopener noreferrer\"><span style=\"color: #333333;\"><span style=\"font-size: medium;\"><br \/>\n<\/span><\/span><\/a><\/strong><em><span style=\"color: #333333;\"><span style=\"font-size: medium;\">&#8222;Das schmucke Ding mit Zeichnung und Malerei auf dunklem Grund ist seit der offiziellen Er\u00f6ffnung (&#8230;) unter dem Motto \u201eKunstS\u00e4ule\u201c der Hingucker im Szenequartier Br\u00fcckenviertel. Daniel Hartlaub war begl\u00fcckt: Sein \u201eVerweis auf die Zukunft\u201c gefiel rund 70 Besuchern&#8220;.\u00a0<\/span><\/span><\/em><\/span><\/p>\n<p><span style=\"font-family: verdana, geneva, sans-serif;\"><em><a href=\"http:\/\/danielhartlaub.com\/wp-content\/uploads\/2018\/02\/KS_presse_FR_5_2017_360.jpg\" target=\"_blank\" rel=\"noopener noreferrer\"><span style=\"color: #333333;\"><span style=\"font-size: medium;\"><b>D\u00fcsterer Sog<\/b><\/span><\/span><\/a><span style=\"color: #333333;\"><span style=\"font-size: medium;\"><b><br \/>\n<\/b><\/span><\/span><\/em><a href=\"http:\/\/www.fr.de\/\" target=\"_blank\" rel=\"noopener noreferrer\"><span style=\"color: #333333;\"><span style=\"font-size: medium;\">Frankfurter Rundschau<\/span><\/span><\/a><span style=\"color: #333333;\"><span style=\"font-size: medium;\">, 5. 2017<\/span><\/span><span style=\"font-size: medium;\"><br \/>\n<\/span><em><span style=\"color: #333333;\"><span style=\"font-size: medium;\">Die S\u00e4ule im Alten Friedhof hat Daniel Hartlaub dagegen mit einer Bildstrecke aus schlichtem Schwarz mit einem bisschen Wei\u00df gestaltet. Was umso mehr Sog entwickelt. Eine ganze Geschichte entfaltet sich beim Rundgang um den Pfeiler.<\/span><\/span><\/em><\/span><\/p>\n<p><span style=\"font-family: verdana, geneva, sans-serif;\"><em><a href=\"http:\/\/danielhartlaub.com\/wp-content\/uploads\/2017\/07\/Sachsenhausen-Eine-Litfa\u00dfs\u00e4ule-f\u00fcr-die-Kunst-Frankfurter-Rundschau.pdf\" target=\"_blank\" rel=\"noopener noreferrer\"><span style=\"color: #333333;\"><span style=\"font-size: medium;\"><strong>Eine Litfa\u00dfs\u00e4ule f\u00fcr die Kunst<\/strong><\/span><\/span><\/a><span style=\"color: #333333;\"><span style=\"font-size: medium;\"><br \/>\n<\/span><\/span><\/em><a href=\"http:\/\/www.fr.de\/autor.=sky\/\" target=\"_blank\" rel=\"noopener noreferrer\"><span style=\"color: #333333;\"><span style=\"font-size: medium;\">George Grodensky,<\/span><\/span><\/a><a href=\"http:\/\/www.fr.de\/autor.=sky\/\" target=\"_blank\" rel=\"noopener noreferrer\"><span style=\"color: #333333;\"><span style=\"font-size: medium;\"> Frankfurter Rundschau<\/span><\/span><\/a><span style=\"color: #333333;\"><span style=\"font-size: medium;\">, 8.5. 2017<\/span><\/span><em><span style=\"color: #333333;\"><span style=\"font-size: medium;\"><br \/>\n\u201e15\u00a0Quadratmeter stehen ihm zur Verf\u00fcgung. Der Absolvent der Hochschule f\u00fcr\u00a0Gestaltung in Offenbach ist gegenst\u00e4ndlicher Zeichner und Filmemacher. Beim\u00a0Zeichnen versuche er oft so etwas wie ein B\u00fchnenbild zu erschaffen. F\u00fcr die\u00a0S\u00e4ule hat er sich das Thema Zukunft vorgegeben. Eine Herausforderung f\u00fcr\u00a0das\u00a0fast schon altert\u00fcmlich anmutende Medium Plakats\u00e4ule. Betrachter sollen die\u00a0S\u00e4ule umrunden und dabei eine Geschichte erleben.\u201c<\/span><\/span><\/em><\/span><\/p>\n<p>&nbsp;<\/p>\n<p>__________________________________________________________<\/p>\n<p><span style=\"font-family: verdana, geneva, sans-serif;\"><a href=\"http:\/\/danielhartlaub.com\/?p=312\" target=\"_blank\" rel=\"noopener noreferrer\"><span style=\"font-size: 14pt;\"><strong>THE GIRL WHO NEVER WAS<\/strong><\/span><\/a><\/span><\/p>\n<p><span style=\"font-family: verdana, geneva, sans-serif;\">REVIEWS<\/span><br \/>\n<span style=\"font-family: verdana, geneva, sans-serif;\"><strong><span style=\"color: #333333;\"><span style=\"font-size: medium;\"><a href=\"http:\/\/danielhartlaub.com\/wp-content\/uploads\/2017\/08\/presse_1822_TGWNW_frankfurt-journal.jpg\" target=\"_blank\" rel=\"noopener noreferrer\"><em>The Girl Who Never Was<\/em><\/a><a href=\"http:\/\/danielhartlaub.com\/wp-content\/uploads\/2017\/08\/presse_1822_TGWNW_frankfurt-journal.jpg\" target=\"_blank\" rel=\"noopener noreferrer\"><br \/>\n<\/a><\/span><\/span><\/strong><span style=\"color: #333333;\"><span style=\"font-size: medium;\">Anett G\u00f6the,\u00a0<\/span><\/span><span style=\"color: #333333;\"><span style=\"font-size: medium;\"><a href=\"https:\/\/www.journal-frankfurt.de\/\" target=\"_blank\" rel=\"noopener noreferrer\">Journal Frankfurt\u00a0<\/a>(Top 3 Ausstellungen), <\/span><\/span><span style=\"color: #333333;\"><span style=\"font-size: medium;\">Juni 2016\u00a0<\/span><\/span><strong><a href=\"https:\/\/www.journal-frankfurt.de\/\" target=\"_blank\" rel=\"noopener noreferrer\"><span style=\"color: #333333;\"><span style=\"font-size: medium;\"><br \/>\n<\/span><\/span><\/a><\/strong><em><span style=\"color: #333333;\"><span style=\"font-size: medium;\">Daniel Hartlaub f\u00fchrt uns in seinen Kohlezeichnungen, die er mit einem Radiergummi bearbeitet, um diesen weichen und rauchigen Farbton zu erhalten, in das fiktive Filmset einer Wohnung, in der \u2013 ganz Hitchcock-like \u2013 ein Verbrechen ver\u00fcbt wurde. Durch die raumgreifende Installation und die Sounduntermalung wird der Betrachter quasi als Zeuge in die Film-Szene hineingezogen.<\/span><\/span><\/em><\/span><\/p>\n<p><span style=\"font-family: verdana, geneva, sans-serif;\"><em><a href=\"http:\/\/danielhartlaub.com\/wp-content\/uploads\/2017\/08\/presse_1822_TGWNW_Faz_kein_scan.jpg\" target=\"_blank\" rel=\"noopener noreferrer\"><span style=\"color: #333333;\"><span style=\"font-size: medium;\"><strong>Indizienketten<\/strong><\/span><\/span><\/a><span style=\"color: #333333;\"><span style=\"font-size: medium;\"><a href=\"http:\/\/danielhartlaub.com\/wp-content\/uploads\/2017\/08\/presse_1822_TGWNW_Faz_kein_scan.jpg\" target=\"_blank\" rel=\"noopener noreferrer\"><br \/>\n<\/a><\/span><\/span><\/em><span style=\"color: #333333;\"><span style=\"font-size: medium;\"><a href=\"http:\/\/www.faz.net\/redaktion\/christoph-schuette-11104297.html\" target=\"_blank\" rel=\"noopener noreferrer\">Christoph Sch\u00fctte<\/a>,\u00a0<\/span><\/span><span style=\"color: #333333;\"><span style=\"font-size: medium;\"><a href=\"http:\/\/www.faz.net\/aktuell\/\" target=\"_blank\" rel=\"noopener noreferrer\">Frankfurter Allgemeine Zeitung (FAZ)<\/a><\/span><\/span><span style=\"color: #333333;\"><span style=\"font-size: medium;\">, 22.6. 2016<\/span><\/span><strong><span style=\"color: #333333;\"><span style=\"font-size: medium;\"><br \/>\n<\/span><\/span><\/strong><em><span style=\"color: #333333;\"><span style=\"font-size: medium;\">Hartlaub ist im Gegenteil ein K\u00fcnstler der Andeutung, der Reduktion und ganz buchst\u00e4blich des Wegnehmens, wie es nicht zuletzt seine sehr eigene Technik vorf\u00fchrt. Ist doch sein Werkzeug nicht Tusche oder auch ein ordin\u00e4rer Bleistift, sondern der Radiergummi, mit dem er seine Formen, Szenen und Figuren aus rabenschwarzer Fl\u00e4che pr\u00e4pariert.<\/span><\/span><\/em><\/span><\/p>\n<p><span style=\"font-family: verdana, geneva, sans-serif;\"><em><span style=\"color: #333333;\"><span style=\"font-size: medium;\">Im Grunde aber hat Hartlaub (&#8230;), zun\u00e4chst schlicht einen Raum im Raum geschaffen, der uns mit offen ausgelegten Spuren eine eigene Erz\u00e4hlung spinnen l\u00e4sst.<br \/>\n<\/span><\/span><\/em><\/span><\/p>\n<p>&nbsp;<\/p>\n<p>__________________________________________________________<\/p>\n<p><span style=\"font-size: 14pt; font-family: verdana, geneva, sans-serif;\"><a href=\"http:\/\/danielhartlaub.com\/?p=347\" target=\"_blank\" rel=\"noopener noreferrer\"><span style=\"font-size: 14pt;\"><strong>2048-WHEN IT ALL BEGAN<\/strong><\/span><\/a><\/span><\/p>\n<p><span style=\"font-family: verdana, geneva, sans-serif;\">PREVIEWS<a href=\"http:\/\/danielhartlaub.com\/?p=347\" target=\"_blank\" rel=\"noopener noreferrer\"><span style=\"font-size: medium;\"><i><br \/>\n<\/i><\/span><\/a><strong><span style=\"font-size: medium;\"><a href=\"http:\/\/danielhartlaub.com\/wp-content\/uploads\/2017\/08\/2015-14-comic1-1.pdf\" target=\"_blank\" rel=\"noopener noreferrer\"><em>Musealer Comic<\/em><\/a><br \/>\n<\/span><\/strong><strong><a href=\"https:\/\/www.journal-frankfurt.de\/\" target=\"_blank\" rel=\"noopener noreferrer\"><span style=\"color: #333333;\"><span style=\"font-size: medium;\">Journal Frankfurt<\/span><\/span><\/a><\/strong><span style=\"color: #333333;\"><span style=\"font-size: medium;\">, Juni 2015<br \/>\n<\/span><\/span><em><span style=\"color: #333333;\"><span style=\"font-size: medium;\">Hartlaub erschafft seine d\u00fcstere Welt\u00a0mit dem Kohlestift: zun\u00e4chst schw\u00e4rzt\u00a0er das Bild, dann radiert er die Figuren\u00a0und Formen aus der Dunkelheit heraus.\u00a0Alle zwei Wochen, wenn gerade\u00a0Flohmarkt am Museumsufer ist, zeigt\u00a0er im Bistro des Museum Angewandte Kunst, Frankfurt eine neue Episode.\u00a0Dann bekommen die G\u00e4ste des\u00a0Caf\u00e9s das Comic als Tablettunterlage.<\/span><\/span><\/em><\/span><\/p>\n<p><span style=\"font-family: verdana, geneva, sans-serif;\"><a href=\"http:\/\/danielhartlaub.com\/wp-content\/uploads\/2017\/08\/2048_fnp_klein.jpg\" target=\"_blank\" rel=\"noopener noreferrer\"><em><strong><span style=\"color: #333333;\"><span style=\"font-size: medium;\">In einer Welt voller\u00a0Schatten<\/span><\/span><\/strong><\/em><\/a><span style=\"font-size: medium;\"><br \/>\n<\/span><span style=\"color: #333333;\"><span style=\"font-size: medium;\"><a href=\"https:\/\/eleug.wordpress.com\/\" target=\"_blank\" rel=\"noopener noreferrer\">Eugen El<\/a>,<\/span><\/span><span style=\"color: #333333;\"><span style=\"font-size: medium;\"> <a href=\"http:\/\/www.fnp.de\/\" target=\"_blank\" rel=\"noopener noreferrer\">Frankfurter Neue Presse<\/a><\/span><\/span><span style=\"color: #333333;\"><span style=\"font-size: medium;\"><a href=\"http:\/\/www.fnp.de\/\" target=\"_blank\" rel=\"noopener noreferrer\">,<\/a> 29.10. 2014<\/span><\/span><strong><span style=\"color: #333333;\"><span style=\"font-size: medium;\"><br \/>\n<\/span><\/span><\/strong><em><span style=\"color: #333333;\"><span style=\"font-size: medium;\">Durch sein ungew\u00f6hnliche Zeichentechnik erzeugt Hartlaub eine intensive Stimmung. Hartlaub grundiert das Papier erst mit schwarzer Reisskohle. Im n\u00e4chsten Schritt schabt er mit Radierstift, Knetgummi und Radiergummi das Bild frei. Die Werkzeuge erm\u00f6glichen unterschiedliche grafische Effekte. Eine gewisse D\u00fcsternis bringt diese Technik in die Bilder. Uns begegnet eine Welt voller Schatten.<\/span><\/span><\/em><\/span><\/p>\n<p><span style=\"font-family: verdana, geneva, sans-serif;\"><span style=\"color: #333333;\"><span style=\"font-size: medium;\"><a href=\"http:\/\/danielhartlaub.com\/wp-content\/uploads\/2017\/08\/form.pdf\" target=\"_blank\" rel=\"noopener noreferrer\"><strong><em>Graphic Novel 2048-WHEN IT ALL BEGAN<\/em><\/strong><\/a><br \/>\n<\/span><\/span><strong><a href=\"https:\/\/www.form.de\/en\" target=\"_blank\" rel=\"noopener noreferrer\"><span style=\"color: #333333;\"><span style=\"font-size: medium;\">form<\/span><\/span><\/a><\/strong><span style=\"color: #333333;\"><span style=\"font-size: medium;\">, November 2014<br \/>\n<\/span><\/span><em><span style=\"color: #333333;\"><span style=\"font-size: medium;\"><span lang=\"en-US\">Hartlaub integrates a number of exhibited objects from the Museum f\u00fcr Angewandte Kunst into his story and looks at their past in a light-hearted way. Visitors are invited to continue to develop the story with Hartlaub. They also have the opportunity to watch him do his work and drawings in the museum.<\/span><\/span><\/span><\/em><span style=\"color: #333333;\"><span style=\"font-size: medium;\"><span lang=\"en-US\"><br \/>\n<\/span><\/span><\/span><\/span><\/p>\n<p><span style=\"font-family: verdana, geneva, sans-serif;\"><strong><span style=\"color: #333333;\"><span style=\"font-size: medium;\"><a href=\"http:\/\/danielhartlaub.com\/wp-content\/uploads\/2017\/07\/ausstellungen_bewerbungen_presse_hr_online_2.pdf\" target=\"_blank\" rel=\"noopener noreferrer\"><em>Es geht los f\u00fcr Ed und Tilda<\/em><\/a><a href=\"http:\/\/danielhartlaub.com\/wp-content\/uploads\/2017\/07\/ausstellungen_bewerbungen_presse_hr_online_2.pdf\" target=\"_blank\" rel=\"noopener noreferrer\"><br \/>\n<\/a><\/span><\/span><\/strong><span style=\"color: #333333;\"><span style=\"font-size: medium;\"><a href=\"http:\/\/www.hessenschau.de\/redaktion\/hessenschaude-redaktionsonja-fourate,sonja-fourate-100.html\" target=\"_blank\" rel=\"noopener noreferrer\">Sonja Fourat\u00e9<\/a><\/span><\/span><span style=\"color: #333333;\"><span style=\"font-size: medium;\">,\u00a0<\/span><\/span><span style=\"color: #333333;\"><span style=\"font-size: medium;\"><a href=\"http:\/\/www.hessenschau.de\/index.html\" target=\"_blank\" rel=\"noopener noreferrer\">HR-Online<\/a><\/span><\/span><span style=\"color: #333333;\"><span style=\"font-size: medium;\">, 14.11. 2014<br \/>\n<\/span><\/span><em><span style=\"color: #333333;\"><span style=\"font-size: medium;\">Ein au\u00dfergew\u00f6hnliches Projekt geht (&#8230;) an den Start. Das Museum Angewandte Kunst, Frankfurt und der K\u00fcnstler Daniel Hartlaub wollen zusammen mit den Museumsbesuchern eine Graphic Novel schreiben.<\/span><\/span><\/em><\/span><\/p>\n<p><span style=\"font-family: verdana, geneva, sans-serif;\"><strong><span style=\"color: #333333;\"><span style=\"font-size: medium;\"><a href=\"http:\/\/danielhartlaub.com\/wp-content\/uploads\/2017\/07\/ausstellungen_bewerbungen_presse_hr_online.pdf\" target=\"_blank\" rel=\"noopener noreferrer\"><em>Eine Frankfurter Science Fiction-Lovestory<\/em><\/a><a href=\"http:\/\/danielhartlaub.com\/wp-content\/uploads\/2017\/07\/ausstellungen_bewerbungen_presse_hr_online.pdf\" target=\"_blank\" rel=\"noopener noreferrer\"><br \/>\n<\/a><\/span><\/span><\/strong><span style=\"color: #333333;\"><span style=\"font-size: medium;\"><a href=\"http:\/\/www.hessenschau.de\/redaktion\/hessenschaude-redaktionsonja-fourate,sonja-fourate-100.html\" target=\"_blank\" rel=\"noopener noreferrer\">Sonja Fourat\u00e9<\/a><\/span><\/span><span style=\"color: #333333;\"><span style=\"font-size: medium;\">,\u00a0<\/span><\/span><span style=\"color: #333333;\"><span style=\"font-size: medium;\"><a href=\"http:\/\/www.hessenschau.de\/index.html\" target=\"_blank\" rel=\"noopener noreferrer\">HR-Online<\/a><\/span><\/span><span style=\"color: #333333;\"><span style=\"font-size: medium;\">, 29.10. 2014<br \/>\n<\/span><\/span><em><span style=\"color: #333333;\"><span style=\"font-size: medium;\"><span lang=\"en-US\">Nicht nur die Entwicklung des Comics ist ungew\u00f6hnlich &#8211; Hartlaub hat einen sehr eigenwilligen Stil: Er malt ausschlie\u00dflich mit Kohle, f\u00e4rbt das jeweilige Blatt komplett schwarz und radiert dann die gew\u00fcnschten Objekte mit Stiften oder Gummi raus. &#8222;Die Bilder sind wie ein Negativ&#8220;, sagt er. &#8222;F\u00fcr mich ist es spannender, so zu malen.&#8220; Heraus kommen \u2013 passend zum Sci-Fi-Thema &#8211; schwarz-wei\u00dfe, teils d\u00fcstere Bilder; jedes f\u00fcr sich ist ein kleines Kunstwerk.<\/span><\/span><\/span><\/em><span style=\"color: #333333;\"><span style=\"font-size: medium;\"><span lang=\"en-US\"><br \/>\n<\/span><\/span><\/span><\/span><\/p>\n<p><span style=\"font-family: verdana, geneva, sans-serif;\"><a href=\"http:\/\/danielhartlaub.com\/wp-content\/uploads\/2017\/08\/November-2014.pdf\" target=\"_blank\" rel=\"noopener noreferrer\"><em><span style=\"color: #333333;\"><span style=\"font-size: medium;\"><strong>Graphic Novel\u00a02048- When It All Began<\/strong><\/span><\/span><\/em><\/a><span style=\"color: #333333;\"><span style=\"font-size: medium;\"><br \/>\n<\/span><\/span><a href=\"http:\/\/prinz.de\/frankfurt\/\" target=\"_blank\" rel=\"noopener noreferrer\"><span style=\"color: #333333;\"><span style=\"font-size: medium;\">Prinz Frankfurt<\/span><\/span><\/a><span style=\"color: #333333;\"><span style=\"font-size: medium;\">, November 2014<\/span><\/span><\/span><\/p>\n","protected":false},"excerpt":{"rendered":"<p>_______________________________________ Publications Nie Aufgeflogen- Widerstand in der NS-Zeit im Polizeipr\u00e4sidium Frankfurt am Main. 2. erweiterte Auflage: Petra Bonavita, 2023. Several narrative drawings (Moselstrasse \/ Polizeipr\u00e4sidium [&hellip;]<\/p>\n","protected":false},"author":1,"featured_media":0,"parent":0,"menu_order":0,"comment_status":"closed","ping_status":"closed","template":"template-page-fullwidth.php","meta":[],"_links":{"self":[{"href":"http:\/\/danielhartlaub.com\/index.php?rest_route=\/wp\/v2\/pages\/683"}],"collection":[{"href":"http:\/\/danielhartlaub.com\/index.php?rest_route=\/wp\/v2\/pages"}],"about":[{"href":"http:\/\/danielhartlaub.com\/index.php?rest_route=\/wp\/v2\/types\/page"}],"author":[{"embeddable":true,"href":"http:\/\/danielhartlaub.com\/index.php?rest_route=\/wp\/v2\/users\/1"}],"replies":[{"embeddable":true,"href":"http:\/\/danielhartlaub.com\/index.php?rest_route=%2Fwp%2Fv2%2Fcomments&post=683"}],"version-history":[{"count":243,"href":"http:\/\/danielhartlaub.com\/index.php?rest_route=\/wp\/v2\/pages\/683\/revisions"}],"predecessor-version":[{"id":3547,"href":"http:\/\/danielhartlaub.com\/index.php?rest_route=\/wp\/v2\/pages\/683\/revisions\/3547"}],"wp:attachment":[{"href":"http:\/\/danielhartlaub.com\/index.php?rest_route=%2Fwp%2Fv2%2Fmedia&parent=683"}],"curies":[{"name":"wp","href":"https:\/\/api.w.org\/{rel}","templated":true}]}}